{"id":8078,"date":"2020-05-16T19:52:54","date_gmt":"2020-05-16T19:52:54","guid":{"rendered":"http:\/\/eestimetsaabiks.emaliikumine.ee\/?page_id=8078"},"modified":"2021-09-18T17:45:32","modified_gmt":"2021-09-18T17:45:32","slug":"metsateatiste-vaidlustamine","status":"publish","type":"page","link":"https:\/\/www.eestimetsaabiks.ee\/eng\/metsateatiste-vaidlustamine\/","title":{"rendered":"METSATEATISTE VAIDLUSTAMINE"},"content":{"rendered":"<p><strong>Alates 2019. aasta s\u00fcgisest on EMA looduskaitse t\u00f6\u00f6r\u00fchm s\u00fcstemaatiliselt j\u00e4lginud v\u00e4ljastatavaid metsateatisi ning vaidlustanud teatisi, mis t\u00f6\u00f6r\u00fchma hinnangul kaitstavaid loodusv\u00e4\u00e4rtusi kahjustavad. Vaietes oleme tuginenud EU direktiividele ja <a href=\"https:\/\/www.riigiteataja.ee\/akt\/LKS\" target=\"_blank\" rel=\"noreferrer noopener\">Looduskaitseseadusele<\/a>, samuti erinevatele liigikaitse tegevuskavadele, sealhulgas <a href=\"https:\/\/www.envir.ee\/sites\/default\/files\/metsis_tk_2015.pdf\" target=\"_blank\" rel=\"noreferrer noopener\">metsise kaitse tegevuskavale<\/a>.<\/strong><\/p>\n\n\n\n<p>Enamiku meie vaietest on Keskkonnaamet seni rahuldamata j\u00e4etud, seep\u00e4rast oleme p\u00f6\u00f6rdunud abi leidmiseks ka kohtu poole. Hetkel on Tallinna halduskohtus pooleli kaebuse menetlus Keskkonnaameti (KeA) otsuse peale, millega l\u00fckati tagasi EMA vaie Mustj\u00f5e metsise elupaiga raiekavadele. Koos kaebusega andsime kohtusse taotluse kaitsealuse linnuliigi elupaika v\u00e4ljastatud kahek\u00fcmne \u00fche metsateatise kehtetuks tunnistamiseks<\/p>\n\n\n\n<p>Ehkki KeA on enamiku meie vaietest rahuldamata j\u00e4tnud, v\u00f5ttis RMK metsise m\u00e4ngualadele v\u00e4ljastatud lageraieteatised peale meie poolset vaidlustamist ise tagasi. Tegemist on FSC s\u00e4\u00e4stva metsamajandamise sertifikaadi n\u00f5udega, millega on seletatav ka RMK initsiatiiv raieteatiste tagasi v\u00f5tmisel. Samas j\u00e4\u00e4b arusaamatuks, miks riigimetsa majandajad metsise m\u00e4ngualadele \u00fclepea lageraielube taotlevad, kui nad samal ajal avalikult tunnistavad, et on otsustanud metsise m\u00e4ngualade lageraietest loobuda.<\/p>\n\n\n\n<p><strong>Uuri raiekavade vaidlustamise seisu:<\/strong><br><br><a href=\"https:\/\/www.eestimetsaabiks.ee\/eng\/metsateatiste-vaidlustamine\/#mustvee\">20.04.2020 MUSTVEE<\/a> LR<br><a href=\"https:\/\/www.eestimetsaabiks.ee\/eng\/metsateatiste-vaidlustamine\/#25\">20.04.2020 MUSTVEE<\/a> HR<br><a href=\"https:\/\/www.eestimetsaabiks.ee\/eng\/metsateatiste-vaidlustamine\/#vinni\">20.04.2020 VINNI<\/a> LR<br><a href=\"https:\/\/www.eestimetsaabiks.ee\/eng\/metsateatiste-vaidlustamine\/#kohila\">20.03.2020 KOHILA<\/a> LR<br><a href=\"https:\/\/www.eestimetsaabiks.ee\/eng\/metsateatiste-vaidlustamine\/#mustjoe\">16.03.2020 TAHEVA<\/a> HR<br><a href=\"https:\/\/www.eestimetsaabiks.ee\/eng\/metsateatiste-vaidlustamine\/#lyganuse\">28.02.2020 L\u00dcGANUSE<\/a> LR<br><a href=\"https:\/\/www.eestimetsaabiks.ee\/eng\/metsateatiste-vaidlustamine\/#kehtna\">17.02.2020 KEHTNA<\/a> VR AR<br><a href=\"https:\/\/www.eestimetsaabiks.ee\/eng\/metsateatiste-vaidlustamine\/#mulgi\">14.02.2020 MULGI<\/a> AR<br><a href=\"https:\/\/www.eestimetsaabiks.ee\/eng\/metsateatiste-vaidlustamine\/#rapina\">13.02.2020 R\u00c4PINA<\/a> AR LR<br><a href=\"https:\/\/www.eestimetsaabiks.ee\/eng\/metsateatiste-vaidlustamine\/#rapina2\">12.02.2020 R\u00c4PINA<\/a> SR<br><a href=\"https:\/\/www.eestimetsaabiks.ee\/eng\/metsateatiste-vaidlustamine\/#rapina3\">8.02.2020 R\u00c4PINA<\/a> LR<br><a href=\"https:\/\/www.eestimetsaabiks.ee\/eng\/metsateatiste-vaidlustamine\/#kehtna2\">8.02.2020 KEHTNA<\/a> LR<br><a href=\"https:\/\/www.eestimetsaabiks.ee\/eng\/metsateatiste-vaidlustamine\/#kiisli\">26.09.2019 PEIPSI\u00c4\u00c4RE<\/a> LR<\/p>\n\n\n\n<h5 class=\"wp-block-heading\" id=\"mustvee\">KOHT: Mustvee vald, J\u00f5geva maakond (Alutagusel)<\/h5>\n\n\n\n<div class=\"wp-block-image\"><figure class=\"alignleft size-large is-resized\"><img fetchpriority=\"high\" decoding=\"async\" src=\"https:\/\/www.eestimetsaabiks.ee\/wp-content\/uploads\/2020\/05\/Alutaguse-1024x503.png\" alt=\"\" class=\"wp-image-8082\" width=\"460\" height=\"224\"\/><\/figure><\/div>\n\n\n\n<div class=\"wp-block-group\"><div class=\"wp-block-group__inner-container is-layout-flow wp-block-group-is-layout-flow\">\n<p><strong>Mis ja kus? <\/strong>Viis RMK lageraieteatist <strong>metsise elupaigas<\/strong> kanade ehk emaslindude sigimisalal <strong>kogupindalaga 7,21 hektarit<\/strong><br><strong>Millal luba anti? <\/strong>17.04.2020<br><strong>Seis:<\/strong> EMA poolt VAIDLUSTATUD 20.04.2020, 5.05.2020 Keskkonnaameti poolt TAGASI L\u00dcKATUD<br><strong>Kas mets on alles?<\/strong> Koha pealset kontrollk\u00e4iku pole veel tehtud, kuid kuna v\u00e4ljastatud metsateatistele on seatud lindude pesitsusaegne raiepiirang 15.04-30.06, siis ei tohi RMK v\u00e4hemalt selle aja sees raieid teostada.<br><br><\/p>\n<\/div><\/div>\n\n\n\n<h5 class=\"wp-block-heading\" id=\"25\">KOHT: Ida-Viru\/J\u00f5geva mk, Alutaguse vald, Tudulinna metsise PEPi piiranguv\u00f6\u00f6nd<\/h5>\n\n\n\n<div class=\"wp-block-image\"><figure class=\"alignleft size-large is-resized\"><img decoding=\"async\" src=\"https:\/\/www.eestimetsaabiks.ee\/wp-content\/uploads\/2020\/05\/tudulinna-2-1024x464.png\" alt=\"\" class=\"wp-image-8134\" width=\"460\" height=\"204\"\/><\/figure><\/div>\n\n\n\n<p><strong>Mis ja kus? <\/strong>25 RMK harvendusraieteatist <strong>metsise p\u00fcsielupaiga piiranguv\u00f6\u00f6ndis<\/strong> <strong>kogupindalaga 53,49 hektarit<\/strong><br><strong>Millal luba anti? <\/strong>17.04.2020<br><strong>Seis:<\/strong> EMA poolt VAIDLUSTATUD 20.04.2020, 5.05.2020 RAHULDAMATA J\u00c4ETUD<br><strong>Kas mets on alles?<\/strong> Kohapealset kontrollk\u00e4iku pole veel tehtud, aga raierahu periood kestab 15. m\u00e4rtsist 30. juunini.<br><\/p>\n\n\n\n<h5 class=\"wp-block-heading\" id=\"vinni\">KOHT: Vinni vald, L\u00e4\u00e4ne-Viru maakond<\/h5>\n\n\n\n<div class=\"wp-block-image\"><figure class=\"alignleft size-large is-resized\"><img decoding=\"async\" src=\"https:\/\/www.eestimetsaabiks.ee\/wp-content\/uploads\/2020\/05\/Vinni-1024x503.png\" alt=\"\" class=\"wp-image-8084\" width=\"460\" height=\"211\"\/><\/figure><\/div>\n\n\n\n<div class=\"wp-block-group\"><div class=\"wp-block-group__inner-container is-layout-flow wp-block-group-is-layout-flow\">\n<div class=\"wp-block-group\"><div class=\"wp-block-group__inner-container is-layout-flow wp-block-group-is-layout-flow\">\n<p><strong>Mis ja kus? <\/strong>Kolm RMK lageraieteatist <strong>kanakulli elupaigas<\/strong> <strong>kogupindalaga 3,58 hektarit<\/strong><br><strong>Millal luba anti? <\/strong>12.03.2020<br><strong>Seis:<\/strong> VAIDLUSTATUD 20.04.2020, EI V\u00d5ETUD MENETLUSSE, T\u00c4HTAEGA EI ENNISTATUD 5.05.2020<br><strong>Kas mets on alles?<\/strong> Kohapealset kontrollk\u00e4iku pole veel tehtud, kuid kuna v\u00e4ljastatud metsateatistele on seatud lindude pesitsusaegne raiepiirang 1.03-31.07, siis ei tohi RMK v\u00e4hemalt selle aja sees raieid teostada.<br><br><\/p>\n<\/div><\/div>\n<\/div><\/div>\n\n\n\n<h5 class=\"wp-block-heading\" id=\"kohila\">KOHT: Rapla mk, Kohila vald<\/h5>\n\n\n\n<div class=\"wp-block-image\"><figure class=\"alignleft size-large is-resized\"><img loading=\"lazy\" decoding=\"async\" src=\"https:\/\/www.eestimetsaabiks.ee\/wp-content\/uploads\/2020\/05\/kohila2in1-1024x990.png\" alt=\"\" class=\"wp-image-8304\" width=\"285\" height=\"246\"\/><\/figure><\/div>\n\n\n\n<p><strong>Mis ja kus? <\/strong>2 RMK lageraieteatist <strong>kanakulli elupaigas kogupindalaga 3,29 hektarit<\/strong><br><strong>Millal luba anti? <\/strong>21.02.2020<br><strong>Seis:<\/strong> 20.03.2020 vaidlustatud Raplamaa Loodushoiu MT\u00dc poolt, rohkem dokumente kaustas pole. &nbsp;<br><strong>Kas mets on alles?<\/strong> Kohapealset kontrollk\u00e4iku pole veel tehtud.<br><br><br><br><br><br><\/p>\n\n\n\n<h5 class=\"wp-block-heading\" id=\"mustjoe\">KOHT: Valga maakond, Taheva vald, Hargla ja Kallik\u00fcla k\u00fcla, Mustj\u00f5e metsise PEP<\/h5>\n\n\n\n<div class=\"wp-block-image\"><figure class=\"alignleft size-large is-resized\"><img loading=\"lazy\" decoding=\"async\" src=\"https:\/\/www.eestimetsaabiks.ee\/wp-content\/uploads\/2020\/05\/Mustj\u00f5e-1024x466.png\" alt=\"\" class=\"wp-image-8215\" width=\"460\" height=\"186\"\/><figcaption><br>Pildil on kujutatud ka l\u00e4hi\u00fcmbruse raieteatised, mis ei ole osa Mustj\u00f5e metsise PEPist (natuke \u00fcle poolte)<\/figcaption><\/figure><\/div>\n\n\n\n<p><strong>Mis ja kus? 21 RMK harvendus- sanitaar- ja lageraieteatist<\/strong> <strong>metsise p\u00fcsielupaiga piiranguv\u00f6\u00f6ndis<\/strong> <strong>kogupindalaga ligi 95 hektarit<\/strong><br><strong>Millal luba anti? <\/strong>Erinevatel aegadel<br><strong>Seis:<\/strong> 16.03.2020 vaidlustatud. Vaide esitamise t\u00e4htaeg j\u00e4eti ennistamata. Halduskohtusse edasi antud. Halduskohus ennistas vaiete t\u00e4htajad ning l\u00f5petas menetluse teatiste suhtes, mille kehtivus oli l\u00f5ppenud raiete teostamise t\u00f5ttu.<br><strong>Kas mets on alles?<\/strong> Kohapealset kontrollk\u00e4iku pole veel tehtud. Mets peaks alles olema.<br><br><br><br><\/p>\n\n\n\n<h5 class=\"wp-block-heading\" id=\"lyganuse\">KOHT: Ida-Viru maakond, L\u00fcganuse vald, Alutaguse metskond<\/h5>\n\n\n\n<div class=\"wp-block-image\"><figure class=\"alignleft size-large is-resized\"><img loading=\"lazy\" decoding=\"async\" src=\"https:\/\/www.eestimetsaabiks.ee\/wp-content\/uploads\/2020\/05\/l\u00fcganuse-1024x500.png\" alt=\"\" class=\"wp-image-8216\" width=\"460\" height=\"200\"\/><\/figure><\/div>\n\n\n\n<p><strong>Mis ja kus? <\/strong>3 RMK lageraieteatist <strong>metsise m\u00e4ngualal kogupindalaga 5,16 hektarit<\/strong><br><strong>Millal luba anti? <\/strong>21.02.2020<br><strong>Seis:<\/strong> vaidlustatud 28.02.2020, j\u00e4etud rahuldamata 12.03.2020, 04.03.2020 andis RMK Keskkonnaametile teada, et ei plaani antud eraldistel lageraiet teostada.<br><strong>Kas mets on alles?<\/strong> Kohapealset kontrollk\u00e4iku pole veel tehtud.<br><br><br><\/p>\n\n\n\n<h5 class=\"wp-block-heading\" id=\"kehtna\">KOHT: Rapla maakond, K\u00f5nnumaa MKA<\/h5>\n\n\n\n<div class=\"wp-block-image\"><figure class=\"alignleft size-large is-resized\"><img loading=\"lazy\" decoding=\"async\" src=\"https:\/\/www.eestimetsaabiks.ee\/wp-content\/uploads\/2020\/05\/k\u00f5nnumaa-1-1024x500.png\" alt=\"\" class=\"wp-image-8262\" width=\"460\" height=\"202\"\/><\/figure><\/div>\n\n\n\n<p><strong>Mis ja kus? <\/strong>2 RMK veer-ja aegj\u00e4rgse raie teatist <strong>K\u00f5nnumaa MKV PV-s kogupindalaga 3,17 hektarit<\/strong><br><strong>Millal luba anti? <\/strong>16.01.2020 ja 19.11.2019<br><strong>Seis:<\/strong> 17.02.2020 vaidlustatud, 30.03.2020 tagasi l\u00fckatud <br><strong>Kas mets on alles?<\/strong> Kohapealset kontrollk\u00e4iku pole veel tehtud.<br><br>M\u00e4rkus: Vaidlustatud teatiste \u00fcmber on terve eraldise suurune raieklaster, otse SKV piiril, metsakorraldaja on \u00dclo Vendland.<br><\/p>\n\n\n\n<h5 class=\"wp-block-heading\" id=\"mulgi\">KOHT: Viljandi ja Valga mk, Rubina MKA<\/h5>\n\n\n\n<div class=\"wp-block-image\"><figure class=\"alignleft size-large is-resized\"><img loading=\"lazy\" decoding=\"async\" src=\"https:\/\/www.eestimetsaabiks.ee\/wp-content\/uploads\/2020\/05\/rubina-1-1024x466.png\" alt=\"\" class=\"wp-image-8210\" width=\"460\" height=\"189\"\/><\/figure><\/div>\n\n\n\n<p><strong>Mis ja kus? <\/strong>2 RMK aegj\u00e4rkse raie teatist <strong>metsise sigimisalas ja Rubina MKA \u00d5hne PVs<\/strong> <strong>kogupindalaga 8,59 hektarit<\/strong><br><strong>Millal luba anti? <\/strong>23.01.2020<br><strong>Seis:<\/strong> Vaidlustati 14.02.2020, j\u00e4eti KeA poolt rahuldamata 12.03.2020<br><strong>Kas mets on alles?<\/strong> Kohapealset kontrollk\u00e4iku pole veel tehtud.<br><br><br><\/p>\n\n\n\n<h5 class=\"wp-block-heading\" id=\"rapina\">KOHT: P\u00f5lva maakond, R\u00e4pina vald, Timo ja Koolmaj\u00e4rve k\u00fcla, Kuulmaj\u00e4rve MKA<\/h5>\n\n\n\n<div class=\"wp-block-image\"><figure class=\"alignleft size-large is-resized\"><img loading=\"lazy\" decoding=\"async\" src=\"https:\/\/www.eestimetsaabiks.ee\/wp-content\/uploads\/2020\/05\/kuulmaj\u00e4rve-1024x500.png\" alt=\"\" class=\"wp-image-8260\" width=\"460\" height=\"206\"\/><\/figure><\/div>\n\n\n\n<p><strong>Mis ja kus? <\/strong>7 RMK lage- ja aegj\u00e4rkse raie teatist <strong>Kuulmaj\u00e4rve MKA PV-s 8,05 hektarit<\/strong><br><strong>Millal luba anti? <\/strong>13.02.2020<br><strong>Seis:<\/strong> 13.02.2020 vaidlustatud, 12.03.2020 tagasi l\u00fckatud <br><strong>Kas mets on alles?<\/strong> Kohapealset kontrollk\u00e4iku pole veel tehtud.<br><br>M\u00e4rkus: hetkel on Kuulmaj\u00e4rve MKA PVs p\u00f5hjalikumal kontrollil viis aktiivset teatist, neli pildil, 2 LR ja 1 AR on varemt\u00e4heldatud, \u00fclej\u00e4\u00e4nud lankide saatuse kohta puudub teave.<\/p>\n\n\n\n<h5 class=\"wp-block-heading\" id=\"rapina2\">KOHT: Vaadim\u00e4e konnakotka PEP, R\u00e4pina poldri hoiuala, P\u00f5lva maakond<\/h5>\n\n\n\n<div class=\"wp-block-image\"><figure class=\"alignleft size-large is-resized\"><img loading=\"lazy\" decoding=\"async\" src=\"https:\/\/www.eestimetsaabiks.ee\/wp-content\/uploads\/2020\/05\/Vaadim\u00e4e-1-1024x467.png\" alt=\"\" class=\"wp-image-8087\" width=\"460\" height=\"192\"\/><figcaption>Vaidlustatud teatis keskel, ka \u00fclej\u00e4\u00e4nud n\u00e4haolevad SR ja LR teatised j\u00e4\u00e4vad PVsse, punktiirjoonega t\u00e4histatud teatisele on tellitud MKE<\/figcaption><\/figure><\/div>\n\n\n\n<div class=\"wp-block-group\"><div class=\"wp-block-group__inner-container is-layout-flow wp-block-group-is-layout-flow\">\n<p><strong>Mis ja kus? <\/strong>\u00dcks RMK sanitaarraieteatis <strong>v\u00e4ike-konnakotka p\u00fcsielupaigas<\/strong> <strong>kogupindalaga 4,78 hektarit<\/strong><br><strong>Millal luba anti? <\/strong>15.01.2020<br><strong>Seis:<\/strong> EMA poolt VAIDLUSTATUD 12.02.2020, 20.02.2020 RAHULDAMATA J\u00c4ETUD<br><strong>Kas mets on alles?<\/strong> Kohapealset kontrollk\u00e4iku pole veel tehtud.<br><br><br><br><br><br><br><\/p>\n<\/div><\/div>\n\n\n\n<div class=\"wp-block-group\"><div class=\"wp-block-group__inner-container is-layout-flow wp-block-group-is-layout-flow\">\n<div class=\"wp-block-group\"><div class=\"wp-block-group__inner-container is-layout-flow wp-block-group-is-layout-flow\">\n<h5 class=\"wp-block-heading\" id=\"rapina3\">KOHT: P\u00f5lva maakond, R\u00e4pina vald, Nohipalo k\u00fcla\/V\u00f5ru maakond, V\u00f5ru vald, K\u00f5ivsaare k\u00fcla, Oodsipalu metsise PEP<\/h5>\n<\/div><\/div>\n<\/div><\/div>\n\n\n\n<div class=\"wp-block-image\"><figure class=\"alignleft size-large is-resized\"><img loading=\"lazy\" decoding=\"async\" src=\"https:\/\/www.eestimetsaabiks.ee\/wp-content\/uploads\/2020\/05\/oodsipalu-1-1024x465.png\" alt=\"\" class=\"wp-image-8212\" width=\"460\" height=\"189\"\/><figcaption>Vaidlustatud teatis on pikk ja kitsas, keskel, sellele k\u00f5ige l\u00e4hemad v\u00e4ikesed klastrid on samuti metsise PEPi alla j\u00e4\u00e4vad SR teatised ja parempoolne klaster ei ole enam PEPi piiranguv\u00f6\u00f6ndi osa, ent kui kontrollk\u00e4iguks l\u00e4heb, oleks siiski huviv\u00e4\u00e4rne \u00fcle vaadata<\/figcaption><\/figure><\/div>\n\n\n\n<p><strong>Koht:<\/strong> <br><strong>Mis ja kus? <\/strong>1 RMK lageraieteatis <strong>metsise p\u00fcsielupaiga piiranguv\u00f6\u00f6ndis<\/strong> <strong>kogupindalaga 0,92 hektarit<\/strong><br><strong>Millal luba anti? <\/strong>09.01.2020<br><strong>Seis:<\/strong> Vaidlustatud 8.02.2020, j\u00e4eti KeA poolt rahuldamata 20.02.2020<br><strong>Kas mets on alles?<\/strong> Kohapealset kontrollk\u00e4iku pole veel tehtud.<br><br><br><br><br><\/p>\n\n\n\n<p><br><br><\/p>\n\n\n\n<h5 class=\"wp-block-heading\" id=\"kehtna2\">KOHT: Rapla maakond, Kehtna vald, N\u00f5lva k\u00fcla, N\u00f5lva metsise PEP<\/h5>\n\n\n\n<div class=\"wp-block-image\"><figure class=\"alignleft size-large is-resized\"><img loading=\"lazy\" decoding=\"async\" src=\"https:\/\/www.eestimetsaabiks.ee\/wp-content\/uploads\/2020\/05\/n\u00f5lva-1-1024x464.png\" alt=\"\" class=\"wp-image-8214\" width=\"460\" height=\"198\"\/><figcaption>Tilluke lank keskel on vaidlustatud, ka sellest paremale j\u00e4\u00e4v lank on osa metsise PEPist, vasakpoolsed on lihtsalt l\u00e4heduses asuvad metsateatised.<\/figcaption><\/figure><\/div>\n\n\n\n<p><strong>Koht:<\/strong> <br><strong>Mis ja kus? <\/strong>1 RMK lageraieteatis <strong>metsise p\u00fcsielupaiga piiranguv\u00f6\u00f6ndis<\/strong> <strong>kogupindalaga 0,34 hektarit<\/strong><br><strong>Millal luba anti? <\/strong>09.01.2020<br><strong>Seis:<\/strong> Vaidlustatud 8.02.2020, j\u00e4eti KeA poolt rahuldamata 25.02.2020<br><strong>Kas mets on alles?<\/strong> Kohapealset kontrollk\u00e4iku pole veel tehtud.<br><br><br><br><br><br><br><\/p>\n\n\n\n<h5 class=\"wp-block-heading\" id=\"kiisli\">KOHT: Tartumaa mk, K\u00e4\u00e4pa MKA, V\u00e4lgi pv\/ Kiisli metsise PEP<\/h5>\n\n\n\n<div class=\"wp-block-image\"><figure class=\"alignleft size-large is-resized\"><img loading=\"lazy\" decoding=\"async\" src=\"https:\/\/www.eestimetsaabiks.ee\/wp-content\/uploads\/2020\/05\/kiisli2in1-1024x981.png\" alt=\"\" class=\"wp-image-8302\" width=\"300\" height=\"236\"\/><\/figure><\/div>\n\n\n\n<p><strong>Mis ja kus? 5 LR <\/strong>K\u00e4\u00e4pa MKA<strong> LR 4,74 ha, Kiisli metsise PEP 3 AJ 4 LR<\/strong><br><strong>Millal luba anti? <\/strong>08.- 10.01.2019. K\u00e4\u00e4pa MKA<br><strong>Seis:<\/strong> 26.09.2019 vaidlustatud, tagasi l\u00fckatud 24.10.2019. Viie K\u00e4\u00e4pa MKA-l vaidlustatud teatise kohta pole enam Metsaportaalis andmeid. Ka Kiisli kohta \u00fcks \u00e4ratoodud teatis pole leitav. \u00a0\u00a0<br><strong>Kas mets on alles?<\/strong> Kohapealset kontrollk\u00e4iku pole veel tehtud.<br><br>Hetkel on V\u00e4lgi PVs ainult 2 RMK LR teatist, 2 RMK SR teatist ning eraomaniku raieklaster.<br><\/p>","protected":false},"excerpt":{"rendered":"<p>Alates 2019. aasta s\u00fcgisest on EMA looduskaitse t\u00f6\u00f6r\u00fchm s\u00fcstemaatiliselt j\u00e4lginud v\u00e4ljastatavaid metsateatisi ning vaidlustanud teatisi, mis t\u00f6\u00f6r\u00fchma hinnangul kaitstavaid loodusv\u00e4\u00e4rtusi kahjustavad. Vaietes oleme tuginenud EU direktiividele ja Looduskaitseseadusele, samuti erinevatele liigikaitse tegevuskavadele, sealhulgas metsise kaitse tegevuskavale. Enamiku meie vaietest on Keskkonnaamet seni rahuldamata j\u00e4etud, seep\u00e4rast oleme p\u00f6\u00f6rdunud abi leidmiseks ka kohtu poole. Hetkel on Tallinna [&hellip;]<\/p>\n","protected":false},"author":2,"featured_media":0,"parent":0,"menu_order":0,"comment_status":"closed","ping_status":"closed","template":"","meta":{"inline_featured_image":false,"footnotes":""},"class_list":["post-8078","page","type-page","status-publish","hentry"],"_links":{"self":[{"href":"https:\/\/www.eestimetsaabiks.ee\/eng\/wp-json\/wp\/v2\/pages\/8078","targetHints":{"allow":["GET"]}}],"collection":[{"href":"https:\/\/www.eestimetsaabiks.ee\/eng\/wp-json\/wp\/v2\/pages"}],"about":[{"href":"https:\/\/www.eestimetsaabiks.ee\/eng\/wp-json\/wp\/v2\/types\/page"}],"author":[{"embeddable":true,"href":"https:\/\/www.eestimetsaabiks.ee\/eng\/wp-json\/wp\/v2\/users\/2"}],"replies":[{"embeddable":true,"href":"https:\/\/www.eestimetsaabiks.ee\/eng\/wp-json\/wp\/v2\/comments?post=8078"}],"version-history":[{"count":1,"href":"https:\/\/www.eestimetsaabiks.ee\/eng\/wp-json\/wp\/v2\/pages\/8078\/revisions"}],"predecessor-version":[{"id":9454,"href":"https:\/\/www.eestimetsaabiks.ee\/eng\/wp-json\/wp\/v2\/pages\/8078\/revisions\/9454"}],"wp:attachment":[{"href":"https:\/\/www.eestimetsaabiks.ee\/eng\/wp-json\/wp\/v2\/media?parent=8078"}],"curies":[{"name":"wp","href":"https:\/\/api.w.org\/{rel}","templated":true}]}}